{"id":31175,"date":"2004-02-12T00:00:00","date_gmt":"2004-02-12T00:00:00","guid":{"rendered":"https:\/\/museum-kueppersmuehle.de\/ausstellung\/hommage-an-k-o-goetz\/"},"modified":"2025-11-21T07:54:02","modified_gmt":"2025-11-21T07:54:02","slug":"hommage-an-k-o-goetz","status":"publish","type":"ausstellung","link":"https:\/\/museum-kueppersmuehle.de\/en\/ausstellung\/hommage-an-k-o-goetz\/","title":{"rendered":"Homage to K.O. G\u00f6tz"},"content":{"rendered":"\n<h2 class=\"wp-block-heading\">February 13 &#8211; June 13, 2004  <\/h2>\n\n<h2 class=\"wp-block-heading\">MKM Museum K\u00fcppersm\u00fchle for Modern Art<\/h2>\n\n<p>On the occasion of K. O. G\u00f6tz&#8217;s 90th birthday on February 22, the Museum K\u00fcppersm\u00fchle is honoring the artist with a special tribute. His companions and former students Kuno Gonschior, Gotthard Graubner, Sigmar Polke, Gerhard Richter, Rissa, HA Schult, Paul Schwietzke and Franz Erhard Walther have selected their own works for the joint project. This very personal contribution by all of them characterizes the exhibition and makes it a special experience: &#8220;Homage to K. O. G\u00f6tz&#8221; is an exhibition full of contrasts and different directions, corresponding to the different characters of the artists.  <\/p>\n\n<div class=\"wp-block-file\"><a href=\"https:\/\/xn--kp-xka.vereda.de\/wp-content\/uploads\/2021\/09\/Presse-Erkla&#x308;rung-Go&#x308;tz-12.02.04.pdf\">Press release-G\u00f6tz-12.02.04<\/a><a href=\"https:\/\/xn--kp-xka.vereda.de\/wp-content\/uploads\/2021\/09\/Presse-Erkla&#x308;rung-Go&#x308;tz-12.02.04.pdf\" class=\"wp-block-file__button\" download=\"\">Download<\/a><\/div>\n","protected":false},"excerpt":{"rendered":"<p>February 13 &#8211; June 13, 2004 MKM Museum K\u00fcppersm\u00fchle for Modern Art On the occasion of K. O. G\u00f6tz&#8217;s 90th birthday on February 22, the Museum K\u00fcppersm\u00fchle is honoring the artist with a special tribute. His companions and former students Kuno Gonschior, Gotthard Graubner, Sigmar Polke, Gerhard Richter, Rissa, HA Schult, Paul Schwietzke and Franz [&hellip;]<\/p>\n","protected":false},"author":1,"featured_media":24314,"menu_order":0,"template":"","format":"standard","meta":{"footnotes":""},"ausstellungen-status":[134],"austellungskategorien":[153,137,136,111],"class_list":["post-31175","ausstellung","type-ausstellung","status-publish","format-standard","has-post-thumbnail","hentry","ausstellungen-status-past","austellungskategorien-2004-en","austellungskategorien-duisburg","austellungskategorien-germany","austellungskategorien-museum-kueppersmuehle-en"],"yoast_head":"<!-- This site is optimized with the Yoast SEO plugin v27.5 - https:\/\/yoast.com\/product\/yoast-seo-wordpress\/ -->\n<title>Homage to K.O. G\u00f6tz - MKM MUSEUM K\u00dcPPERSM\u00dcHLE<\/title>\n<meta name=\"robots\" content=\"index, follow, max-snippet:-1, max-image-preview:large, max-video-preview:-1\" \/>\n<link rel=\"canonical\" href=\"https:\/\/museum-kueppersmuehle.de\/en\/ausstellung\/hommage-an-k-o-goetz\/\" \/>\n<meta property=\"og:locale\" content=\"en_US\" \/>\n<meta property=\"og:type\" content=\"article\" \/>\n<meta property=\"og:title\" content=\"Homage to K.O. G\u00f6tz - MKM MUSEUM K\u00dcPPERSM\u00dcHLE\" \/>\n<meta property=\"og:description\" content=\"February 13 &#8211; June 13, 2004 MKM Museum K\u00fcppersm\u00fchle for Modern Art On the occasion of K. O. G\u00f6tz&#8217;s 90th birthday on February 22, the Museum K\u00fcppersm\u00fchle is honoring the artist with a special tribute. His companions and former students Kuno Gonschior, Gotthard Graubner, Sigmar Polke, Gerhard Richter, Rissa, HA Schult, Paul Schwietzke and Franz [&hellip;]\" \/>\n<meta property=\"og:url\" content=\"https:\/\/museum-kueppersmuehle.de\/en\/ausstellung\/hommage-an-k-o-goetz\/\" \/>\n<meta property=\"og:site_name\" content=\"MKM MUSEUM K\u00dcPPERSM\u00dcHLE\" \/>\n<meta property=\"article:modified_time\" content=\"2025-11-21T07:54:02+00:00\" \/>\n<meta property=\"og:image\" content=\"https:\/\/museum-kueppersmuehle.de\/wp-content\/uploads\/2021\/07\/klein-1-2.jpg\" \/>\n\t<meta property=\"og:image:width\" content=\"600\" \/>\n\t<meta property=\"og:image:height\" content=\"600\" \/>\n\t<meta property=\"og:image:type\" content=\"image\/jpeg\" \/>\n<meta name=\"twitter:card\" content=\"summary_large_image\" \/>\n<meta name=\"twitter:label1\" content=\"Est. reading time\" \/>\n\t<meta name=\"twitter:data1\" content=\"1 minute\" \/>\n<script type=\"application\/ld+json\" class=\"yoast-schema-graph\">{\"@context\":\"https:\\\/\\\/schema.org\",\"@graph\":[{\"@type\":\"WebPage\",\"@id\":\"https:\\\/\\\/museum-kueppersmuehle.de\\\/en\\\/ausstellung\\\/hommage-an-k-o-goetz\\\/\",\"url\":\"https:\\\/\\\/museum-kueppersmuehle.de\\\/en\\\/ausstellung\\\/hommage-an-k-o-goetz\\\/\",\"name\":\"Homage to K.O. G\u00f6tz - MKM MUSEUM K\u00dcPPERSM\u00dcHLE\",\"isPartOf\":{\"@id\":\"https:\\\/\\\/museum-kueppersmuehle.de\\\/en\\\/#website\"},\"primaryImageOfPage\":{\"@id\":\"https:\\\/\\\/museum-kueppersmuehle.de\\\/en\\\/ausstellung\\\/hommage-an-k-o-goetz\\\/#primaryimage\"},\"image\":{\"@id\":\"https:\\\/\\\/museum-kueppersmuehle.de\\\/en\\\/ausstellung\\\/hommage-an-k-o-goetz\\\/#primaryimage\"},\"thumbnailUrl\":\"https:\\\/\\\/museum-kueppersmuehle.de\\\/wp-content\\\/uploads\\\/2021\\\/07\\\/klein-1-2.jpg\",\"datePublished\":\"2004-02-12T00:00:00+00:00\",\"dateModified\":\"2025-11-21T07:54:02+00:00\",\"breadcrumb\":{\"@id\":\"https:\\\/\\\/museum-kueppersmuehle.de\\\/en\\\/ausstellung\\\/hommage-an-k-o-goetz\\\/#breadcrumb\"},\"inLanguage\":\"en-US\",\"potentialAction\":[{\"@type\":\"ReadAction\",\"target\":[\"https:\\\/\\\/museum-kueppersmuehle.de\\\/en\\\/ausstellung\\\/hommage-an-k-o-goetz\\\/\"]}]},{\"@type\":\"ImageObject\",\"inLanguage\":\"en-US\",\"@id\":\"https:\\\/\\\/museum-kueppersmuehle.de\\\/en\\\/ausstellung\\\/hommage-an-k-o-goetz\\\/#primaryimage\",\"url\":\"https:\\\/\\\/museum-kueppersmuehle.de\\\/wp-content\\\/uploads\\\/2021\\\/07\\\/klein-1-2.jpg\",\"contentUrl\":\"https:\\\/\\\/museum-kueppersmuehle.de\\\/wp-content\\\/uploads\\\/2021\\\/07\\\/klein-1-2.jpg\",\"width\":600,\"height\":600},{\"@type\":\"BreadcrumbList\",\"@id\":\"https:\\\/\\\/museum-kueppersmuehle.de\\\/en\\\/ausstellung\\\/hommage-an-k-o-goetz\\\/#breadcrumb\",\"itemListElement\":[{\"@type\":\"ListItem\",\"position\":1,\"name\":\"Home\",\"item\":\"https:\\\/\\\/museum-kueppersmuehle.de\\\/en\\\/homepage\\\/\"},{\"@type\":\"ListItem\",\"position\":2,\"name\":\"Homage to K.O. G\u00f6tz\"}]},{\"@type\":\"WebSite\",\"@id\":\"https:\\\/\\\/museum-kueppersmuehle.de\\\/en\\\/#website\",\"url\":\"https:\\\/\\\/museum-kueppersmuehle.de\\\/en\\\/\",\"name\":\"MKM MUSEUM K\u00dcPPERSM\u00dcHLE\",\"description\":\"MKM MUSEUM K\u00dcPPERSM\u00dcHLE F\u00dcR MODERNE KUNST DUISBURG\",\"publisher\":{\"@id\":\"https:\\\/\\\/museum-kueppersmuehle.de\\\/en\\\/#organization\"},\"potentialAction\":[{\"@type\":\"SearchAction\",\"target\":{\"@type\":\"EntryPoint\",\"urlTemplate\":\"https:\\\/\\\/museum-kueppersmuehle.de\\\/en\\\/?s={search_term_string}\"},\"query-input\":{\"@type\":\"PropertyValueSpecification\",\"valueRequired\":true,\"valueName\":\"search_term_string\"}}],\"inLanguage\":\"en-US\"},{\"@type\":\"Organization\",\"@id\":\"https:\\\/\\\/museum-kueppersmuehle.de\\\/en\\\/#organization\",\"name\":\"MKM MUSEUM K\u00dcPPERSM\u00dcHLE\",\"url\":\"https:\\\/\\\/museum-kueppersmuehle.de\\\/en\\\/\",\"logo\":{\"@type\":\"ImageObject\",\"inLanguage\":\"en-US\",\"@id\":\"https:\\\/\\\/museum-kueppersmuehle.de\\\/en\\\/#\\\/schema\\\/logo\\\/image\\\/\",\"url\":\"https:\\\/\\\/museum-kueppersmuehle.de\\\/wp-content\\\/uploads\\\/2021\\\/06\\\/logo_museum.png\",\"contentUrl\":\"https:\\\/\\\/museum-kueppersmuehle.de\\\/wp-content\\\/uploads\\\/2021\\\/06\\\/logo_museum.png\",\"width\":380,\"height\":130,\"caption\":\"MKM MUSEUM K\u00dcPPERSM\u00dcHLE\"},\"image\":{\"@id\":\"https:\\\/\\\/museum-kueppersmuehle.de\\\/en\\\/#\\\/schema\\\/logo\\\/image\\\/\"}}]}<\/script>\n<!-- \/ Yoast SEO plugin. -->","yoast_head_json":{"title":"Homage to K.O. G\u00f6tz - MKM MUSEUM K\u00dcPPERSM\u00dcHLE","robots":{"index":"index","follow":"follow","max-snippet":"max-snippet:-1","max-image-preview":"max-image-preview:large","max-video-preview":"max-video-preview:-1"},"canonical":"https:\/\/museum-kueppersmuehle.de\/en\/ausstellung\/hommage-an-k-o-goetz\/","og_locale":"en_US","og_type":"article","og_title":"Homage to K.O. G\u00f6tz - MKM MUSEUM K\u00dcPPERSM\u00dcHLE","og_description":"February 13 &#8211; June 13, 2004 MKM Museum K\u00fcppersm\u00fchle for Modern Art On the occasion of K. O. G\u00f6tz&#8217;s 90th birthday on February 22, the Museum K\u00fcppersm\u00fchle is honoring the artist with a special tribute. His companions and former students Kuno Gonschior, Gotthard Graubner, Sigmar Polke, Gerhard Richter, Rissa, HA Schult, Paul Schwietzke and Franz [&hellip;]","og_url":"https:\/\/museum-kueppersmuehle.de\/en\/ausstellung\/hommage-an-k-o-goetz\/","og_site_name":"MKM MUSEUM K\u00dcPPERSM\u00dcHLE","article_modified_time":"2025-11-21T07:54:02+00:00","og_image":[{"width":600,"height":600,"url":"https:\/\/museum-kueppersmuehle.de\/wp-content\/uploads\/2021\/07\/klein-1-2.jpg","type":"image\/jpeg"}],"twitter_card":"summary_large_image","twitter_misc":{"Est. reading time":"1 minute"},"schema":{"@context":"https:\/\/schema.org","@graph":[{"@type":"WebPage","@id":"https:\/\/museum-kueppersmuehle.de\/en\/ausstellung\/hommage-an-k-o-goetz\/","url":"https:\/\/museum-kueppersmuehle.de\/en\/ausstellung\/hommage-an-k-o-goetz\/","name":"Homage to K.O. G\u00f6tz - MKM MUSEUM K\u00dcPPERSM\u00dcHLE","isPartOf":{"@id":"https:\/\/museum-kueppersmuehle.de\/en\/#website"},"primaryImageOfPage":{"@id":"https:\/\/museum-kueppersmuehle.de\/en\/ausstellung\/hommage-an-k-o-goetz\/#primaryimage"},"image":{"@id":"https:\/\/museum-kueppersmuehle.de\/en\/ausstellung\/hommage-an-k-o-goetz\/#primaryimage"},"thumbnailUrl":"https:\/\/museum-kueppersmuehle.de\/wp-content\/uploads\/2021\/07\/klein-1-2.jpg","datePublished":"2004-02-12T00:00:00+00:00","dateModified":"2025-11-21T07:54:02+00:00","breadcrumb":{"@id":"https:\/\/museum-kueppersmuehle.de\/en\/ausstellung\/hommage-an-k-o-goetz\/#breadcrumb"},"inLanguage":"en-US","potentialAction":[{"@type":"ReadAction","target":["https:\/\/museum-kueppersmuehle.de\/en\/ausstellung\/hommage-an-k-o-goetz\/"]}]},{"@type":"ImageObject","inLanguage":"en-US","@id":"https:\/\/museum-kueppersmuehle.de\/en\/ausstellung\/hommage-an-k-o-goetz\/#primaryimage","url":"https:\/\/museum-kueppersmuehle.de\/wp-content\/uploads\/2021\/07\/klein-1-2.jpg","contentUrl":"https:\/\/museum-kueppersmuehle.de\/wp-content\/uploads\/2021\/07\/klein-1-2.jpg","width":600,"height":600},{"@type":"BreadcrumbList","@id":"https:\/\/museum-kueppersmuehle.de\/en\/ausstellung\/hommage-an-k-o-goetz\/#breadcrumb","itemListElement":[{"@type":"ListItem","position":1,"name":"Home","item":"https:\/\/museum-kueppersmuehle.de\/en\/homepage\/"},{"@type":"ListItem","position":2,"name":"Homage to K.O. G\u00f6tz"}]},{"@type":"WebSite","@id":"https:\/\/museum-kueppersmuehle.de\/en\/#website","url":"https:\/\/museum-kueppersmuehle.de\/en\/","name":"MKM MUSEUM K\u00dcPPERSM\u00dcHLE","description":"MKM MUSEUM K\u00dcPPERSM\u00dcHLE F\u00dcR MODERNE KUNST DUISBURG","publisher":{"@id":"https:\/\/museum-kueppersmuehle.de\/en\/#organization"},"potentialAction":[{"@type":"SearchAction","target":{"@type":"EntryPoint","urlTemplate":"https:\/\/museum-kueppersmuehle.de\/en\/?s={search_term_string}"},"query-input":{"@type":"PropertyValueSpecification","valueRequired":true,"valueName":"search_term_string"}}],"inLanguage":"en-US"},{"@type":"Organization","@id":"https:\/\/museum-kueppersmuehle.de\/en\/#organization","name":"MKM MUSEUM K\u00dcPPERSM\u00dcHLE","url":"https:\/\/museum-kueppersmuehle.de\/en\/","logo":{"@type":"ImageObject","inLanguage":"en-US","@id":"https:\/\/museum-kueppersmuehle.de\/en\/#\/schema\/logo\/image\/","url":"https:\/\/museum-kueppersmuehle.de\/wp-content\/uploads\/2021\/06\/logo_museum.png","contentUrl":"https:\/\/museum-kueppersmuehle.de\/wp-content\/uploads\/2021\/06\/logo_museum.png","width":380,"height":130,"caption":"MKM MUSEUM K\u00dcPPERSM\u00dcHLE"},"image":{"@id":"https:\/\/museum-kueppersmuehle.de\/en\/#\/schema\/logo\/image\/"}}]}},"_links":{"self":[{"href":"https:\/\/museum-kueppersmuehle.de\/en\/wp-json\/wp\/v2\/ausstellung\/31175","targetHints":{"allow":["GET"]}}],"collection":[{"href":"https:\/\/museum-kueppersmuehle.de\/en\/wp-json\/wp\/v2\/ausstellung"}],"about":[{"href":"https:\/\/museum-kueppersmuehle.de\/en\/wp-json\/wp\/v2\/types\/ausstellung"}],"author":[{"embeddable":true,"href":"https:\/\/museum-kueppersmuehle.de\/en\/wp-json\/wp\/v2\/users\/1"}],"version-history":[{"count":1,"href":"https:\/\/museum-kueppersmuehle.de\/en\/wp-json\/wp\/v2\/ausstellung\/31175\/revisions"}],"predecessor-version":[{"id":31176,"href":"https:\/\/museum-kueppersmuehle.de\/en\/wp-json\/wp\/v2\/ausstellung\/31175\/revisions\/31176"}],"wp:featuredmedia":[{"embeddable":true,"href":"https:\/\/museum-kueppersmuehle.de\/en\/wp-json\/wp\/v2\/media\/24314"}],"wp:attachment":[{"href":"https:\/\/museum-kueppersmuehle.de\/en\/wp-json\/wp\/v2\/media?parent=31175"}],"wp:term":[{"taxonomy":"ausstellungen-status","embeddable":true,"href":"https:\/\/museum-kueppersmuehle.de\/en\/wp-json\/wp\/v2\/ausstellungen-status?post=31175"},{"taxonomy":"austellungskategorien","embeddable":true,"href":"https:\/\/museum-kueppersmuehle.de\/en\/wp-json\/wp\/v2\/austellungskategorien?post=31175"}],"curies":[{"name":"wp","href":"https:\/\/api.w.org\/{rel}","templated":true}]}}