{"id":31580,"date":"2026-04-02T07:07:19","date_gmt":"2026-04-02T07:07:19","guid":{"rendered":"https:\/\/museum-kueppersmuehle.de\/ausstellung\/jaume-plensa-from-june-2026\/"},"modified":"2026-04-30T10:17:05","modified_gmt":"2026-04-30T10:17:05","slug":"jaume-plensa-from-june-2026","status":"publish","type":"ausstellung","link":"https:\/\/museum-kueppersmuehle.de\/en\/ausstellung\/jaume-plensa-from-june-2026\/","title":{"rendered":"JAUME PLENSA | as of June 26, 2026"},"content":{"rendered":"\n<p>The Museum K\u00fcppersm\u00fchle in Duisburg is presenting the most comprehensive solo exhibition to date of the renowned Spanish sculptor Jaume Plensa. This is the first time in a decade that a German museum has dedicated such a show to him. In the exhibition, visitors can expect to see over 50 impressive sculptures, a selection of his works on paper and wall drawings created especially for the Museum K\u00fcppersm\u00fchle &#8211; a unique encounter with Plensa&#8217;s powerful poetic art.  <\/p>\n\n<div class=\"wp-block-media-text is-stacked-on-mobile\"><figure class=\"wp-block-media-text__media\"><img fetchpriority=\"high\" decoding=\"async\" width=\"683\" height=\"1024\" src=\"https:\/\/museum-kueppersmuehle.de\/wp-content\/uploads\/2026\/04\/JAUME-12-683x1024.jpg\" alt=\"\" class=\"wp-image-31605 size-full\" srcset=\"https:\/\/museum-kueppersmuehle.de\/wp-content\/uploads\/2026\/04\/JAUME-12-683x1024.jpg 683w, https:\/\/museum-kueppersmuehle.de\/wp-content\/uploads\/2026\/04\/JAUME-12-200x300.jpg 200w, https:\/\/museum-kueppersmuehle.de\/wp-content\/uploads\/2026\/04\/JAUME-12-768x1152.jpg 768w, https:\/\/museum-kueppersmuehle.de\/wp-content\/uploads\/2026\/04\/JAUME-12-1024x1536.jpg 1024w, https:\/\/museum-kueppersmuehle.de\/wp-content\/uploads\/2026\/04\/JAUME-12-1365x2048.jpg 1365w, https:\/\/museum-kueppersmuehle.de\/wp-content\/uploads\/2026\/04\/JAUME-12-scaled.jpg 1280w\" sizes=\"(max-width: 683px) 100vw, 683px\" \/><\/figure><div class=\"wp-block-media-text__content\">\n<p class=\"has-medium-font-size\"><br\/>&#8220;<em>My work always wants to build bridges, ask questions, bring beauty into people&#8217;s everyday lives; create connections between people without skin color, ideology, religion or geography playing a role<\/em>.&#8221;<\/p>\n<\/div><\/div>\n\n<p><\/p>\n\n<p>Plensa is internationally renowned for his impressive works in public spaces, which he has presented on all continents of the world for over 20 years. His &#8220;Secret Garden&#8221; project in summer 2025 on the occasion of the Salzburg Festival on the city&#8217;s Residenzplatz was outstanding. n Germany, he has realized large-scale sculptures in Bonn-Bad Godesberg (&#8220;Laurelle am Bahnhof&#8221;, 2024), Frankfurt am Main (&#8220;Body of Knowledge&#8221;, 2010) and Potsdam (&#8220;Gl\u00e4serne Seele&#8221;, 2000). He is one of the most important universal artists of our time.   <\/p>\n\n<p>The exhibition at Museum K\u00fcppersm\u00fchle presents a large sculpture in the entrance area of the building &#8211; &#8220;Flora&#8221;, 2021 &#8211; as well as a spectacular installation in the silo room &#8211; &#8220;Invisible Anna&#8221;, 2018: a large, transparent head made of stainless steel rods, whose sublime aura dominates the room.<\/p>\n\n<figure class=\"wp-block-gallery has-nested-images columns-default is-cropped wp-block-gallery-1 is-layout-flex wp-block-gallery-is-layout-flex\">\n<figure class=\"wp-block-image size-large\"><img decoding=\"async\" width=\"683\" height=\"1024\" data-id=\"31620\" src=\"https:\/\/museum-kueppersmuehle.de\/wp-content\/uploads\/2026\/04\/JAUME-40-683x1024.jpg\" alt=\"\" class=\"wp-image-31620\" srcset=\"https:\/\/museum-kueppersmuehle.de\/wp-content\/uploads\/2026\/04\/JAUME-40-683x1024.jpg 683w, https:\/\/museum-kueppersmuehle.de\/wp-content\/uploads\/2026\/04\/JAUME-40-200x300.jpg 200w, https:\/\/museum-kueppersmuehle.de\/wp-content\/uploads\/2026\/04\/JAUME-40-768x1152.jpg 768w, https:\/\/museum-kueppersmuehle.de\/wp-content\/uploads\/2026\/04\/JAUME-40-1024x1536.jpg 1024w, https:\/\/museum-kueppersmuehle.de\/wp-content\/uploads\/2026\/04\/JAUME-40-1365x2048.jpg 1365w, https:\/\/museum-kueppersmuehle.de\/wp-content\/uploads\/2026\/04\/JAUME-40-scaled.jpg 1280w\" sizes=\"(max-width: 683px) 100vw, 683px\" \/><\/figure>\n\n\n\n<figure class=\"wp-block-image size-large\"><img decoding=\"async\" width=\"683\" height=\"1024\" data-id=\"31619\" src=\"https:\/\/museum-kueppersmuehle.de\/wp-content\/uploads\/2026\/04\/JAUME-13-683x1024.jpg\" alt=\"\" class=\"wp-image-31619\" srcset=\"https:\/\/museum-kueppersmuehle.de\/wp-content\/uploads\/2026\/04\/JAUME-13-683x1024.jpg 683w, https:\/\/museum-kueppersmuehle.de\/wp-content\/uploads\/2026\/04\/JAUME-13-200x300.jpg 200w, https:\/\/museum-kueppersmuehle.de\/wp-content\/uploads\/2026\/04\/JAUME-13-768x1152.jpg 768w, https:\/\/museum-kueppersmuehle.de\/wp-content\/uploads\/2026\/04\/JAUME-13-1024x1536.jpg 1024w, https:\/\/museum-kueppersmuehle.de\/wp-content\/uploads\/2026\/04\/JAUME-13-1365x2048.jpg 1365w, https:\/\/museum-kueppersmuehle.de\/wp-content\/uploads\/2026\/04\/JAUME-13-scaled.jpg 1280w\" sizes=\"(max-width: 683px) 100vw, 683px\" \/><\/figure>\n<\/figure>\n\n<p>In eight other rooms, the range of Jaume Plensa&#8217;s works in terms of form and content is illustrated with works made from a wide variety of materials. The artist works with marble, alabaster, plastic, cast bronze and iron as well as steel in various scales. <\/p>\n\n<p>The exhibition is accompanied by an extraordinary large-format publication with exhibition views, an interview with the artist by Walter Smerling and an essay by Clemens Setz.<\/p>\n\n<p><\/p>\n","protected":false},"excerpt":{"rendered":"<p>June 26 to November 1, 2026 &#8211; The Museum K\u00fcppersm\u00fchle in Duisburg is presenting the most comprehensive solo exhibition to date of the renowned Spanish sculptor Jaume Plensa. This is the first time in a decade that a German museum has dedicated such a show to him. <\/p>\n","protected":false},"author":6,"featured_media":31597,"menu_order":0,"template":"","format":"standard","meta":{"footnotes":""},"ausstellungen-status":[188],"austellungskategorien":[],"class_list":["post-31580","ausstellung","type-ausstellung","status-publish","format-standard","has-post-thumbnail","hentry","ausstellungen-status-upcoming"],"yoast_head":"<!-- This site is optimized with the Yoast SEO plugin v27.5 - https:\/\/yoast.com\/product\/yoast-seo-wordpress\/ -->\n<title>JAUME PLENSA | as of June 26, 2026 - MKM MUSEUM K\u00dcPPERSM\u00dcHLE<\/title>\n<meta name=\"robots\" content=\"index, follow, max-snippet:-1, max-image-preview:large, max-video-preview:-1\" \/>\n<link rel=\"canonical\" href=\"https:\/\/museum-kueppersmuehle.de\/en\/ausstellung\/jaume-plensa-from-june-2026\/\" \/>\n<meta property=\"og:locale\" content=\"en_US\" \/>\n<meta property=\"og:type\" content=\"article\" \/>\n<meta property=\"og:title\" content=\"JAUME PLENSA | as of June 26, 2026 - MKM MUSEUM K\u00dcPPERSM\u00dcHLE\" \/>\n<meta property=\"og:description\" content=\"June 26 to November 1, 2026 - The Museum K\u00fcppersm\u00fchle in Duisburg is presenting the most comprehensive solo exhibition to date of the renowned Spanish sculptor Jaume Plensa. This is the first time in a decade that a German museum has dedicated such a show to him.\" \/>\n<meta property=\"og:url\" content=\"https:\/\/museum-kueppersmuehle.de\/en\/ausstellung\/jaume-plensa-from-june-2026\/\" \/>\n<meta property=\"og:site_name\" content=\"MKM MUSEUM K\u00dcPPERSM\u00dcHLE\" \/>\n<meta property=\"article:modified_time\" content=\"2026-04-30T10:17:05+00:00\" \/>\n<meta property=\"og:image\" content=\"https:\/\/museum-kueppersmuehle.de\/wp-content\/uploads\/2026\/04\/Abbildung_Plensa-scaled.jpg\" \/>\n\t<meta property=\"og:image:width\" content=\"2153\" \/>\n\t<meta property=\"og:image:height\" content=\"2560\" \/>\n\t<meta property=\"og:image:type\" content=\"image\/jpeg\" \/>\n<meta name=\"twitter:card\" content=\"summary_large_image\" \/>\n<meta name=\"twitter:label1\" content=\"Est. reading time\" \/>\n\t<meta name=\"twitter:data1\" content=\"2 minutes\" \/>\n<script type=\"application\/ld+json\" class=\"yoast-schema-graph\">{\"@context\":\"https:\\\/\\\/schema.org\",\"@graph\":[{\"@type\":\"WebPage\",\"@id\":\"https:\\\/\\\/museum-kueppersmuehle.de\\\/en\\\/ausstellung\\\/jaume-plensa-from-june-2026\\\/\",\"url\":\"https:\\\/\\\/museum-kueppersmuehle.de\\\/en\\\/ausstellung\\\/jaume-plensa-from-june-2026\\\/\",\"name\":\"JAUME PLENSA | as of June 26, 2026 - MKM MUSEUM K\u00dcPPERSM\u00dcHLE\",\"isPartOf\":{\"@id\":\"https:\\\/\\\/museum-kueppersmuehle.de\\\/en\\\/#website\"},\"primaryImageOfPage\":{\"@id\":\"https:\\\/\\\/museum-kueppersmuehle.de\\\/en\\\/ausstellung\\\/jaume-plensa-from-june-2026\\\/#primaryimage\"},\"image\":{\"@id\":\"https:\\\/\\\/museum-kueppersmuehle.de\\\/en\\\/ausstellung\\\/jaume-plensa-from-june-2026\\\/#primaryimage\"},\"thumbnailUrl\":\"https:\\\/\\\/museum-kueppersmuehle.de\\\/wp-content\\\/uploads\\\/2026\\\/04\\\/Abbildung_Plensa-scaled.jpg\",\"datePublished\":\"2026-04-02T07:07:19+00:00\",\"dateModified\":\"2026-04-30T10:17:05+00:00\",\"breadcrumb\":{\"@id\":\"https:\\\/\\\/museum-kueppersmuehle.de\\\/en\\\/ausstellung\\\/jaume-plensa-from-june-2026\\\/#breadcrumb\"},\"inLanguage\":\"en-US\",\"potentialAction\":[{\"@type\":\"ReadAction\",\"target\":[\"https:\\\/\\\/museum-kueppersmuehle.de\\\/en\\\/ausstellung\\\/jaume-plensa-from-june-2026\\\/\"]}]},{\"@type\":\"ImageObject\",\"inLanguage\":\"en-US\",\"@id\":\"https:\\\/\\\/museum-kueppersmuehle.de\\\/en\\\/ausstellung\\\/jaume-plensa-from-june-2026\\\/#primaryimage\",\"url\":\"https:\\\/\\\/museum-kueppersmuehle.de\\\/wp-content\\\/uploads\\\/2026\\\/04\\\/Abbildung_Plensa-scaled.jpg\",\"contentUrl\":\"https:\\\/\\\/museum-kueppersmuehle.de\\\/wp-content\\\/uploads\\\/2026\\\/04\\\/Abbildung_Plensa-scaled.jpg\",\"width\":2153,\"height\":2560},{\"@type\":\"BreadcrumbList\",\"@id\":\"https:\\\/\\\/museum-kueppersmuehle.de\\\/en\\\/ausstellung\\\/jaume-plensa-from-june-2026\\\/#breadcrumb\",\"itemListElement\":[{\"@type\":\"ListItem\",\"position\":1,\"name\":\"Home\",\"item\":\"https:\\\/\\\/museum-kueppersmuehle.de\\\/en\\\/homepage\\\/\"},{\"@type\":\"ListItem\",\"position\":2,\"name\":\"JAUME PLENSA | as of June 26, 2026\"}]},{\"@type\":\"WebSite\",\"@id\":\"https:\\\/\\\/museum-kueppersmuehle.de\\\/en\\\/#website\",\"url\":\"https:\\\/\\\/museum-kueppersmuehle.de\\\/en\\\/\",\"name\":\"MKM MUSEUM K\u00dcPPERSM\u00dcHLE\",\"description\":\"MKM MUSEUM K\u00dcPPERSM\u00dcHLE F\u00dcR MODERNE KUNST DUISBURG\",\"publisher\":{\"@id\":\"https:\\\/\\\/museum-kueppersmuehle.de\\\/en\\\/#organization\"},\"potentialAction\":[{\"@type\":\"SearchAction\",\"target\":{\"@type\":\"EntryPoint\",\"urlTemplate\":\"https:\\\/\\\/museum-kueppersmuehle.de\\\/en\\\/?s={search_term_string}\"},\"query-input\":{\"@type\":\"PropertyValueSpecification\",\"valueRequired\":true,\"valueName\":\"search_term_string\"}}],\"inLanguage\":\"en-US\"},{\"@type\":\"Organization\",\"@id\":\"https:\\\/\\\/museum-kueppersmuehle.de\\\/en\\\/#organization\",\"name\":\"MKM MUSEUM K\u00dcPPERSM\u00dcHLE\",\"url\":\"https:\\\/\\\/museum-kueppersmuehle.de\\\/en\\\/\",\"logo\":{\"@type\":\"ImageObject\",\"inLanguage\":\"en-US\",\"@id\":\"https:\\\/\\\/museum-kueppersmuehle.de\\\/en\\\/#\\\/schema\\\/logo\\\/image\\\/\",\"url\":\"https:\\\/\\\/museum-kueppersmuehle.de\\\/wp-content\\\/uploads\\\/2021\\\/06\\\/logo_museum.png\",\"contentUrl\":\"https:\\\/\\\/museum-kueppersmuehle.de\\\/wp-content\\\/uploads\\\/2021\\\/06\\\/logo_museum.png\",\"width\":380,\"height\":130,\"caption\":\"MKM MUSEUM K\u00dcPPERSM\u00dcHLE\"},\"image\":{\"@id\":\"https:\\\/\\\/museum-kueppersmuehle.de\\\/en\\\/#\\\/schema\\\/logo\\\/image\\\/\"}}]}<\/script>\n<!-- \/ Yoast SEO plugin. -->","yoast_head_json":{"title":"JAUME PLENSA | as of June 26, 2026 - MKM MUSEUM K\u00dcPPERSM\u00dcHLE","robots":{"index":"index","follow":"follow","max-snippet":"max-snippet:-1","max-image-preview":"max-image-preview:large","max-video-preview":"max-video-preview:-1"},"canonical":"https:\/\/museum-kueppersmuehle.de\/en\/ausstellung\/jaume-plensa-from-june-2026\/","og_locale":"en_US","og_type":"article","og_title":"JAUME PLENSA | as of June 26, 2026 - MKM MUSEUM K\u00dcPPERSM\u00dcHLE","og_description":"June 26 to November 1, 2026 - The Museum K\u00fcppersm\u00fchle in Duisburg is presenting the most comprehensive solo exhibition to date of the renowned Spanish sculptor Jaume Plensa. This is the first time in a decade that a German museum has dedicated such a show to him.","og_url":"https:\/\/museum-kueppersmuehle.de\/en\/ausstellung\/jaume-plensa-from-june-2026\/","og_site_name":"MKM MUSEUM K\u00dcPPERSM\u00dcHLE","article_modified_time":"2026-04-30T10:17:05+00:00","og_image":[{"width":2153,"height":2560,"url":"https:\/\/museum-kueppersmuehle.de\/wp-content\/uploads\/2026\/04\/Abbildung_Plensa-scaled.jpg","type":"image\/jpeg"}],"twitter_card":"summary_large_image","twitter_misc":{"Est. reading time":"2 minutes"},"schema":{"@context":"https:\/\/schema.org","@graph":[{"@type":"WebPage","@id":"https:\/\/museum-kueppersmuehle.de\/en\/ausstellung\/jaume-plensa-from-june-2026\/","url":"https:\/\/museum-kueppersmuehle.de\/en\/ausstellung\/jaume-plensa-from-june-2026\/","name":"JAUME PLENSA | as of June 26, 2026 - MKM MUSEUM K\u00dcPPERSM\u00dcHLE","isPartOf":{"@id":"https:\/\/museum-kueppersmuehle.de\/en\/#website"},"primaryImageOfPage":{"@id":"https:\/\/museum-kueppersmuehle.de\/en\/ausstellung\/jaume-plensa-from-june-2026\/#primaryimage"},"image":{"@id":"https:\/\/museum-kueppersmuehle.de\/en\/ausstellung\/jaume-plensa-from-june-2026\/#primaryimage"},"thumbnailUrl":"https:\/\/museum-kueppersmuehle.de\/wp-content\/uploads\/2026\/04\/Abbildung_Plensa-scaled.jpg","datePublished":"2026-04-02T07:07:19+00:00","dateModified":"2026-04-30T10:17:05+00:00","breadcrumb":{"@id":"https:\/\/museum-kueppersmuehle.de\/en\/ausstellung\/jaume-plensa-from-june-2026\/#breadcrumb"},"inLanguage":"en-US","potentialAction":[{"@type":"ReadAction","target":["https:\/\/museum-kueppersmuehle.de\/en\/ausstellung\/jaume-plensa-from-june-2026\/"]}]},{"@type":"ImageObject","inLanguage":"en-US","@id":"https:\/\/museum-kueppersmuehle.de\/en\/ausstellung\/jaume-plensa-from-june-2026\/#primaryimage","url":"https:\/\/museum-kueppersmuehle.de\/wp-content\/uploads\/2026\/04\/Abbildung_Plensa-scaled.jpg","contentUrl":"https:\/\/museum-kueppersmuehle.de\/wp-content\/uploads\/2026\/04\/Abbildung_Plensa-scaled.jpg","width":2153,"height":2560},{"@type":"BreadcrumbList","@id":"https:\/\/museum-kueppersmuehle.de\/en\/ausstellung\/jaume-plensa-from-june-2026\/#breadcrumb","itemListElement":[{"@type":"ListItem","position":1,"name":"Home","item":"https:\/\/museum-kueppersmuehle.de\/en\/homepage\/"},{"@type":"ListItem","position":2,"name":"JAUME PLENSA | as of June 26, 2026"}]},{"@type":"WebSite","@id":"https:\/\/museum-kueppersmuehle.de\/en\/#website","url":"https:\/\/museum-kueppersmuehle.de\/en\/","name":"MKM MUSEUM K\u00dcPPERSM\u00dcHLE","description":"MKM MUSEUM K\u00dcPPERSM\u00dcHLE F\u00dcR MODERNE KUNST DUISBURG","publisher":{"@id":"https:\/\/museum-kueppersmuehle.de\/en\/#organization"},"potentialAction":[{"@type":"SearchAction","target":{"@type":"EntryPoint","urlTemplate":"https:\/\/museum-kueppersmuehle.de\/en\/?s={search_term_string}"},"query-input":{"@type":"PropertyValueSpecification","valueRequired":true,"valueName":"search_term_string"}}],"inLanguage":"en-US"},{"@type":"Organization","@id":"https:\/\/museum-kueppersmuehle.de\/en\/#organization","name":"MKM MUSEUM K\u00dcPPERSM\u00dcHLE","url":"https:\/\/museum-kueppersmuehle.de\/en\/","logo":{"@type":"ImageObject","inLanguage":"en-US","@id":"https:\/\/museum-kueppersmuehle.de\/en\/#\/schema\/logo\/image\/","url":"https:\/\/museum-kueppersmuehle.de\/wp-content\/uploads\/2021\/06\/logo_museum.png","contentUrl":"https:\/\/museum-kueppersmuehle.de\/wp-content\/uploads\/2021\/06\/logo_museum.png","width":380,"height":130,"caption":"MKM MUSEUM K\u00dcPPERSM\u00dcHLE"},"image":{"@id":"https:\/\/museum-kueppersmuehle.de\/en\/#\/schema\/logo\/image\/"}}]}},"_links":{"self":[{"href":"https:\/\/museum-kueppersmuehle.de\/en\/wp-json\/wp\/v2\/ausstellung\/31580","targetHints":{"allow":["GET"]}}],"collection":[{"href":"https:\/\/museum-kueppersmuehle.de\/en\/wp-json\/wp\/v2\/ausstellung"}],"about":[{"href":"https:\/\/museum-kueppersmuehle.de\/en\/wp-json\/wp\/v2\/types\/ausstellung"}],"author":[{"embeddable":true,"href":"https:\/\/museum-kueppersmuehle.de\/en\/wp-json\/wp\/v2\/users\/6"}],"version-history":[{"count":14,"href":"https:\/\/museum-kueppersmuehle.de\/en\/wp-json\/wp\/v2\/ausstellung\/31580\/revisions"}],"predecessor-version":[{"id":31629,"href":"https:\/\/museum-kueppersmuehle.de\/en\/wp-json\/wp\/v2\/ausstellung\/31580\/revisions\/31629"}],"wp:featuredmedia":[{"embeddable":true,"href":"https:\/\/museum-kueppersmuehle.de\/en\/wp-json\/wp\/v2\/media\/31597"}],"wp:attachment":[{"href":"https:\/\/museum-kueppersmuehle.de\/en\/wp-json\/wp\/v2\/media?parent=31580"}],"wp:term":[{"taxonomy":"ausstellungen-status","embeddable":true,"href":"https:\/\/museum-kueppersmuehle.de\/en\/wp-json\/wp\/v2\/ausstellungen-status?post=31580"},{"taxonomy":"austellungskategorien","embeddable":true,"href":"https:\/\/museum-kueppersmuehle.de\/en\/wp-json\/wp\/v2\/austellungskategorien?post=31580"}],"curies":[{"name":"wp","href":"https:\/\/api.w.org\/{rel}","templated":true}]}}