{"id":31054,"date":"2020-03-11T00:00:00","date_gmt":"2020-03-11T00:00:00","guid":{"rendered":"https:\/\/museum-kueppersmuehle.de\/veranstaltung\/bechtold-im-mkm-begleitprogramm\/"},"modified":"2025-11-21T07:46:11","modified_gmt":"2025-11-21T07:46:11","slug":"bechtold-im-mkm-begleitprogramm","status":"publish","type":"veranstaltung","link":"https:\/\/museum-kueppersmuehle.de\/en\/veranstaltung\/bechtold-im-mkm-begleitprogramm\/","title":{"rendered":"BECHTOLD at the MKM: Accompanying program"},"content":{"rendered":"\n<h2 class=\"wp-block-heading\">P R O G R A M M<\/h2>\n\n<h2 class=\"wp-block-heading\">BECHTOLD<br\/>MKM MUSEUM K\u00dcPPERSM\u00dcHLE, DUISBURG<\/h2>\n\n<p><strong>CANCELLED: Sat, 21.03.2020 | 12 noon<\/strong><strong><br\/>SA, 09.05.2020 | 12 noon<\/strong><br\/><strong>THE PRINCIPLE OF &#8220;D<\/strong>ISTURBANCE<strong>&#8221; IN ART<\/strong><br\/>This themed tour focuses on the motif of disturbance in art &#8211; be it in composition, the combination of shapes, colors or materials or the disruption of &#8220;habitual seeing&#8221;. During a joint tour of the current temporary exhibition BECHTOLD and the MKM&#8217;s permanent collection, selected works will be examined.<br\/>With Suria Kassimi<br\/>12 EUR incl. Admission<br\/>Max. 25 participants | Duration: 60 min<\/p>\n\n<p><strong>CANCELLED: MI, 08.04.2020 | 11 am  <\/strong><strong><br\/><\/strong><strong>ABSTRACT PORTRAIT PAINTING<br\/><\/strong>Workshop with guided tour for young people and adults<br\/>Erwin Bechtold&#8217;s portraits are not realistic depictions of human figures. In his pictures, he creates abstractions that he associates with the people portrayed. After an introduction and discussion about non-figurative representations of people, participants will create their own abstract portraits based on Bechtold&#8217;s work &#8220;Hommage&#8221;.<br\/>With Prisca Wensch, Art Education MKM<br\/>20 EUR incl. Admission<br\/>Max. 10 participants | Duration: 120 min<\/p>\n\n<p><strong>CANCELLED: DO, 30.04.2020 | 7 pm<\/strong><br\/><strong>ARTIST TALK WITH ERWIN BECHTOLD<\/strong><br\/>Moderated by: Walter Smerling, Director MKM<br\/>10 EUR incl. VAT. Admission<\/p>\n\n<p><strong>CANCELLED: MI, 06.05.2020 | 5 pm<\/strong><br\/><strong>ART AND ENJOYMENT<\/strong><br\/>After a guided tour of the BECHTOLD exhibition, the visit to the exhibition ends with a glass of wine and a snack in the K\u00fcppersm\u00fchle Restaurant.<br\/>With Sabine Falkenbach and J\u00f6rg Mascherrek<br\/>EUR 21 incl. food and drink. Admission, guided tour, a drink and snack<\/p>\n\n<p><strong>+++ UNFORTUNATELY NOT APPLICABLE +++ BUT AN IDEA FOR LATER ? +++<br\/>THE ORDERLY CHAOS<\/strong><br\/><strong>WORKSHOPS FOR SCHOOLS (Years 5 -12)<\/strong><br\/>A blank page? Sandpaper? Round and angular shapes and no ruler? What is to become of it? Order and chance are the two opposing poles in Erwin Bechtold&#8217;s artistic work. As we walk through the exhibition together, we will discuss the artist&#8217;s works and approach the principles of &#8220;order and chance&#8221; with practical exercises. Afterwards you design your own &#8220;orderly chaos&#8221;.<br\/>Dates: individually bookable | Duration: 90 min<br\/>45 EUR plus. 2 EUR per student and accompanying person<\/p>\n\n<hr class=\"wp-block-separator\"\/>\n\n<p><strong>REGISTRATION<\/strong><br\/>Unless otherwise stated, registration is required for all events at:<br\/>T 0203 30 19 48 -11 (Wed-Sun) or office@xn--kp-xka.vereda.de<\/p>\n\n<p><strong>PLEASE NOTE<\/strong> that for evening appointments a visit to the MKM is only possible before the event.<\/p>\n\n<p><strong>NOTICE ON DATA PROTECTION<\/strong><br\/>The events of the Stiftung f\u00fcr Kunst und Kultur e.V. and the MKM Museum K\u00fcppersm\u00fchle are open to the public and are documented with photographs, films and sound recordings. By participating in the event, you agree that we may use these recordings without restriction in terms of time and space.<\/p>\n","protected":false},"excerpt":{"rendered":"<p>Bechtold&#8217;s accompanying program at the MKM is cancelled.<\/p>\n","protected":false},"author":1,"featured_media":24905,"template":"","format":"standard","veranstaltungen-status":[190],"veranstaltungskategorien":[182,178,176,169],"class_list":["post-31054","veranstaltung","type-veranstaltung","status-publish","format-standard","has-post-thumbnail","hentry","veranstaltungen-status-vergangene","veranstaltungskategorien-2020-en","veranstaltungskategorien-duisburg-en","veranstaltungskategorien-event-en","veranstaltungskategorien-exhibition-mkm"],"yoast_head":"<!-- This site is optimized with the Yoast SEO plugin v27.5 - https:\/\/yoast.com\/product\/yoast-seo-wordpress\/ -->\n<title>BECHTOLD at the MKM: Accompanying program - MKM MUSEUM K\u00dcPPERSM\u00dcHLE<\/title>\n<meta name=\"robots\" content=\"index, follow, max-snippet:-1, max-image-preview:large, max-video-preview:-1\" \/>\n<link rel=\"canonical\" href=\"https:\/\/museum-kueppersmuehle.de\/en\/veranstaltung\/bechtold-im-mkm-begleitprogramm\/\" \/>\n<meta property=\"og:locale\" content=\"en_US\" \/>\n<meta property=\"og:type\" content=\"article\" \/>\n<meta property=\"og:title\" content=\"BECHTOLD at the MKM: Accompanying program - MKM MUSEUM K\u00dcPPERSM\u00dcHLE\" \/>\n<meta property=\"og:description\" content=\"Bechtold&#039;s accompanying program at the MKM is cancelled.\" \/>\n<meta property=\"og:url\" content=\"https:\/\/museum-kueppersmuehle.de\/en\/veranstaltung\/bechtold-im-mkm-begleitprogramm\/\" \/>\n<meta property=\"og:site_name\" content=\"MKM MUSEUM K\u00dcPPERSM\u00dcHLE\" \/>\n<meta property=\"article:modified_time\" content=\"2025-11-21T07:46:11+00:00\" \/>\n<meta property=\"og:image\" content=\"https:\/\/museum-kueppersmuehle.de\/wp-content\/uploads\/2021\/07\/Lukas7924.jpg\" \/>\n\t<meta property=\"og:image:width\" content=\"1179\" \/>\n\t<meta property=\"og:image:height\" content=\"1080\" \/>\n\t<meta property=\"og:image:type\" content=\"image\/jpeg\" \/>\n<meta name=\"twitter:card\" content=\"summary_large_image\" \/>\n<meta name=\"twitter:label1\" content=\"Est. reading time\" \/>\n\t<meta name=\"twitter:data1\" content=\"2 minutes\" \/>\n<script type=\"application\/ld+json\" class=\"yoast-schema-graph\">{\"@context\":\"https:\\\/\\\/schema.org\",\"@graph\":[{\"@type\":\"WebPage\",\"@id\":\"https:\\\/\\\/museum-kueppersmuehle.de\\\/en\\\/veranstaltung\\\/bechtold-im-mkm-begleitprogramm\\\/\",\"url\":\"https:\\\/\\\/museum-kueppersmuehle.de\\\/en\\\/veranstaltung\\\/bechtold-im-mkm-begleitprogramm\\\/\",\"name\":\"BECHTOLD at the MKM: Accompanying program - MKM MUSEUM K\u00dcPPERSM\u00dcHLE\",\"isPartOf\":{\"@id\":\"https:\\\/\\\/museum-kueppersmuehle.de\\\/en\\\/#website\"},\"primaryImageOfPage\":{\"@id\":\"https:\\\/\\\/museum-kueppersmuehle.de\\\/en\\\/veranstaltung\\\/bechtold-im-mkm-begleitprogramm\\\/#primaryimage\"},\"image\":{\"@id\":\"https:\\\/\\\/museum-kueppersmuehle.de\\\/en\\\/veranstaltung\\\/bechtold-im-mkm-begleitprogramm\\\/#primaryimage\"},\"thumbnailUrl\":\"https:\\\/\\\/museum-kueppersmuehle.de\\\/wp-content\\\/uploads\\\/2021\\\/07\\\/Lukas7924.jpg\",\"datePublished\":\"2020-03-11T00:00:00+00:00\",\"dateModified\":\"2025-11-21T07:46:11+00:00\",\"breadcrumb\":{\"@id\":\"https:\\\/\\\/museum-kueppersmuehle.de\\\/en\\\/veranstaltung\\\/bechtold-im-mkm-begleitprogramm\\\/#breadcrumb\"},\"inLanguage\":\"en-US\",\"potentialAction\":[{\"@type\":\"ReadAction\",\"target\":[\"https:\\\/\\\/museum-kueppersmuehle.de\\\/en\\\/veranstaltung\\\/bechtold-im-mkm-begleitprogramm\\\/\"]}]},{\"@type\":\"ImageObject\",\"inLanguage\":\"en-US\",\"@id\":\"https:\\\/\\\/museum-kueppersmuehle.de\\\/en\\\/veranstaltung\\\/bechtold-im-mkm-begleitprogramm\\\/#primaryimage\",\"url\":\"https:\\\/\\\/museum-kueppersmuehle.de\\\/wp-content\\\/uploads\\\/2021\\\/07\\\/Lukas7924.jpg\",\"contentUrl\":\"https:\\\/\\\/museum-kueppersmuehle.de\\\/wp-content\\\/uploads\\\/2021\\\/07\\\/Lukas7924.jpg\",\"width\":1179,\"height\":1080},{\"@type\":\"BreadcrumbList\",\"@id\":\"https:\\\/\\\/museum-kueppersmuehle.de\\\/en\\\/veranstaltung\\\/bechtold-im-mkm-begleitprogramm\\\/#breadcrumb\",\"itemListElement\":[{\"@type\":\"ListItem\",\"position\":1,\"name\":\"Home\",\"item\":\"https:\\\/\\\/museum-kueppersmuehle.de\\\/en\\\/homepage\\\/\"},{\"@type\":\"ListItem\",\"position\":2,\"name\":\"Veranstaltung\",\"item\":\"https:\\\/\\\/museum-kueppersmuehle.de\\\/en\\\/veranstaltung\\\/\"},{\"@type\":\"ListItem\",\"position\":3,\"name\":\"BECHTOLD at the MKM: Accompanying program\"}]},{\"@type\":\"WebSite\",\"@id\":\"https:\\\/\\\/museum-kueppersmuehle.de\\\/en\\\/#website\",\"url\":\"https:\\\/\\\/museum-kueppersmuehle.de\\\/en\\\/\",\"name\":\"MKM MUSEUM K\u00dcPPERSM\u00dcHLE\",\"description\":\"MKM MUSEUM K\u00dcPPERSM\u00dcHLE F\u00dcR MODERNE KUNST DUISBURG\",\"publisher\":{\"@id\":\"https:\\\/\\\/museum-kueppersmuehle.de\\\/en\\\/#organization\"},\"potentialAction\":[{\"@type\":\"SearchAction\",\"target\":{\"@type\":\"EntryPoint\",\"urlTemplate\":\"https:\\\/\\\/museum-kueppersmuehle.de\\\/en\\\/?s={search_term_string}\"},\"query-input\":{\"@type\":\"PropertyValueSpecification\",\"valueRequired\":true,\"valueName\":\"search_term_string\"}}],\"inLanguage\":\"en-US\"},{\"@type\":\"Organization\",\"@id\":\"https:\\\/\\\/museum-kueppersmuehle.de\\\/en\\\/#organization\",\"name\":\"MKM MUSEUM K\u00dcPPERSM\u00dcHLE\",\"url\":\"https:\\\/\\\/museum-kueppersmuehle.de\\\/en\\\/\",\"logo\":{\"@type\":\"ImageObject\",\"inLanguage\":\"en-US\",\"@id\":\"https:\\\/\\\/museum-kueppersmuehle.de\\\/en\\\/#\\\/schema\\\/logo\\\/image\\\/\",\"url\":\"https:\\\/\\\/museum-kueppersmuehle.de\\\/wp-content\\\/uploads\\\/2021\\\/06\\\/logo_museum.png\",\"contentUrl\":\"https:\\\/\\\/museum-kueppersmuehle.de\\\/wp-content\\\/uploads\\\/2021\\\/06\\\/logo_museum.png\",\"width\":380,\"height\":130,\"caption\":\"MKM MUSEUM K\u00dcPPERSM\u00dcHLE\"},\"image\":{\"@id\":\"https:\\\/\\\/museum-kueppersmuehle.de\\\/en\\\/#\\\/schema\\\/logo\\\/image\\\/\"}}]}<\/script>\n<!-- \/ Yoast SEO plugin. -->","yoast_head_json":{"title":"BECHTOLD at the MKM: Accompanying program - MKM MUSEUM K\u00dcPPERSM\u00dcHLE","robots":{"index":"index","follow":"follow","max-snippet":"max-snippet:-1","max-image-preview":"max-image-preview:large","max-video-preview":"max-video-preview:-1"},"canonical":"https:\/\/museum-kueppersmuehle.de\/en\/veranstaltung\/bechtold-im-mkm-begleitprogramm\/","og_locale":"en_US","og_type":"article","og_title":"BECHTOLD at the MKM: Accompanying program - MKM MUSEUM K\u00dcPPERSM\u00dcHLE","og_description":"Bechtold's accompanying program at the MKM is cancelled.","og_url":"https:\/\/museum-kueppersmuehle.de\/en\/veranstaltung\/bechtold-im-mkm-begleitprogramm\/","og_site_name":"MKM MUSEUM K\u00dcPPERSM\u00dcHLE","article_modified_time":"2025-11-21T07:46:11+00:00","og_image":[{"width":1179,"height":1080,"url":"https:\/\/museum-kueppersmuehle.de\/wp-content\/uploads\/2021\/07\/Lukas7924.jpg","type":"image\/jpeg"}],"twitter_card":"summary_large_image","twitter_misc":{"Est. reading time":"2 minutes"},"schema":{"@context":"https:\/\/schema.org","@graph":[{"@type":"WebPage","@id":"https:\/\/museum-kueppersmuehle.de\/en\/veranstaltung\/bechtold-im-mkm-begleitprogramm\/","url":"https:\/\/museum-kueppersmuehle.de\/en\/veranstaltung\/bechtold-im-mkm-begleitprogramm\/","name":"BECHTOLD at the MKM: Accompanying program - MKM MUSEUM K\u00dcPPERSM\u00dcHLE","isPartOf":{"@id":"https:\/\/museum-kueppersmuehle.de\/en\/#website"},"primaryImageOfPage":{"@id":"https:\/\/museum-kueppersmuehle.de\/en\/veranstaltung\/bechtold-im-mkm-begleitprogramm\/#primaryimage"},"image":{"@id":"https:\/\/museum-kueppersmuehle.de\/en\/veranstaltung\/bechtold-im-mkm-begleitprogramm\/#primaryimage"},"thumbnailUrl":"https:\/\/museum-kueppersmuehle.de\/wp-content\/uploads\/2021\/07\/Lukas7924.jpg","datePublished":"2020-03-11T00:00:00+00:00","dateModified":"2025-11-21T07:46:11+00:00","breadcrumb":{"@id":"https:\/\/museum-kueppersmuehle.de\/en\/veranstaltung\/bechtold-im-mkm-begleitprogramm\/#breadcrumb"},"inLanguage":"en-US","potentialAction":[{"@type":"ReadAction","target":["https:\/\/museum-kueppersmuehle.de\/en\/veranstaltung\/bechtold-im-mkm-begleitprogramm\/"]}]},{"@type":"ImageObject","inLanguage":"en-US","@id":"https:\/\/museum-kueppersmuehle.de\/en\/veranstaltung\/bechtold-im-mkm-begleitprogramm\/#primaryimage","url":"https:\/\/museum-kueppersmuehle.de\/wp-content\/uploads\/2021\/07\/Lukas7924.jpg","contentUrl":"https:\/\/museum-kueppersmuehle.de\/wp-content\/uploads\/2021\/07\/Lukas7924.jpg","width":1179,"height":1080},{"@type":"BreadcrumbList","@id":"https:\/\/museum-kueppersmuehle.de\/en\/veranstaltung\/bechtold-im-mkm-begleitprogramm\/#breadcrumb","itemListElement":[{"@type":"ListItem","position":1,"name":"Home","item":"https:\/\/museum-kueppersmuehle.de\/en\/homepage\/"},{"@type":"ListItem","position":2,"name":"Veranstaltung","item":"https:\/\/museum-kueppersmuehle.de\/en\/veranstaltung\/"},{"@type":"ListItem","position":3,"name":"BECHTOLD at the MKM: Accompanying program"}]},{"@type":"WebSite","@id":"https:\/\/museum-kueppersmuehle.de\/en\/#website","url":"https:\/\/museum-kueppersmuehle.de\/en\/","name":"MKM MUSEUM K\u00dcPPERSM\u00dcHLE","description":"MKM MUSEUM K\u00dcPPERSM\u00dcHLE F\u00dcR MODERNE KUNST DUISBURG","publisher":{"@id":"https:\/\/museum-kueppersmuehle.de\/en\/#organization"},"potentialAction":[{"@type":"SearchAction","target":{"@type":"EntryPoint","urlTemplate":"https:\/\/museum-kueppersmuehle.de\/en\/?s={search_term_string}"},"query-input":{"@type":"PropertyValueSpecification","valueRequired":true,"valueName":"search_term_string"}}],"inLanguage":"en-US"},{"@type":"Organization","@id":"https:\/\/museum-kueppersmuehle.de\/en\/#organization","name":"MKM MUSEUM K\u00dcPPERSM\u00dcHLE","url":"https:\/\/museum-kueppersmuehle.de\/en\/","logo":{"@type":"ImageObject","inLanguage":"en-US","@id":"https:\/\/museum-kueppersmuehle.de\/en\/#\/schema\/logo\/image\/","url":"https:\/\/museum-kueppersmuehle.de\/wp-content\/uploads\/2021\/06\/logo_museum.png","contentUrl":"https:\/\/museum-kueppersmuehle.de\/wp-content\/uploads\/2021\/06\/logo_museum.png","width":380,"height":130,"caption":"MKM MUSEUM K\u00dcPPERSM\u00dcHLE"},"image":{"@id":"https:\/\/museum-kueppersmuehle.de\/en\/#\/schema\/logo\/image\/"}}]}},"_links":{"self":[{"href":"https:\/\/museum-kueppersmuehle.de\/en\/wp-json\/wp\/v2\/veranstaltung\/31054","targetHints":{"allow":["GET"]}}],"collection":[{"href":"https:\/\/museum-kueppersmuehle.de\/en\/wp-json\/wp\/v2\/veranstaltung"}],"about":[{"href":"https:\/\/museum-kueppersmuehle.de\/en\/wp-json\/wp\/v2\/types\/veranstaltung"}],"author":[{"embeddable":true,"href":"https:\/\/museum-kueppersmuehle.de\/en\/wp-json\/wp\/v2\/users\/1"}],"version-history":[{"count":1,"href":"https:\/\/museum-kueppersmuehle.de\/en\/wp-json\/wp\/v2\/veranstaltung\/31054\/revisions"}],"predecessor-version":[{"id":31058,"href":"https:\/\/museum-kueppersmuehle.de\/en\/wp-json\/wp\/v2\/veranstaltung\/31054\/revisions\/31058"}],"wp:featuredmedia":[{"embeddable":true,"href":"https:\/\/museum-kueppersmuehle.de\/en\/wp-json\/wp\/v2\/media\/24905"}],"wp:attachment":[{"href":"https:\/\/museum-kueppersmuehle.de\/en\/wp-json\/wp\/v2\/media?parent=31054"}],"wp:term":[{"taxonomy":"veranstaltungen-status","embeddable":true,"href":"https:\/\/museum-kueppersmuehle.de\/en\/wp-json\/wp\/v2\/veranstaltungen-status?post=31054"},{"taxonomy":"veranstaltungskategorien","embeddable":true,"href":"https:\/\/museum-kueppersmuehle.de\/en\/wp-json\/wp\/v2\/veranstaltungskategorien?post=31054"}],"curies":[{"name":"wp","href":"https:\/\/api.w.org\/{rel}","templated":true}]}}