{"id":31064,"date":"2019-04-11T00:00:00","date_gmt":"2019-04-11T00:00:00","guid":{"rendered":"https:\/\/museum-kueppersmuehle.de\/veranstaltung\/veranstaltungsprogramm-zur-ausstellung-von-klaus-rinke-2\/"},"modified":"2025-11-21T07:46:12","modified_gmt":"2025-11-21T07:46:12","slug":"veranstaltungsprogramm-zur-ausstellung-von-klaus-rinke-2","status":"publish","type":"veranstaltung","link":"https:\/\/museum-kueppersmuehle.de\/en\/veranstaltung\/veranstaltungsprogramm-zur-ausstellung-von-klaus-rinke-2\/","title":{"rendered":"Program of events for the exhibition by Klaus Rinke"},"content":{"rendered":"\n<h2 class=\"wp-block-heading\">P R O G R A M M<\/h2>\n\n<p><strong>25.04.2019 | 5 pm<\/strong><br\/><strong>ART and ENJOYMENT<\/strong><br\/>Guided tour of the exhibition, followed by wine and snacks in the K\u00fcppersm\u00fchle Restaurant<br\/>With Sabine Falkenbach and J\u00f6rg Mascherrek<br\/>EUR 21 incl. admission, guided tour, a drink and snacks <\/p>\n\n<p><strong>05.05.2019 | 11 a.m.<\/strong><br\/><strong>Bazon Brock&#8217;s Visitors&#8217;<\/strong> School<br\/>The self-proclaimed &#8220;thinker on duty&#8221; and professor emeritus of aesthetics once again invites visitors to the MKM for his Visitors&#8217; School and subjects Klaus Rinke&#8217;s work to his unconventional observations. Brock&#8217;s guided tours beyond classical mediation have been legendary since he first conducted them at documenta in 1968.<br\/>10 EUR incl. admission to the exhibition  <\/p>\n\n<p><strong>12.05.2019 | 11 a.m.<br\/>&#8220;MIT ALLEN WASSERN&#8230;&#8221;: KLAUS RINKE<\/strong><br\/>An artist portrait<br\/>Lecture with pictures by Sabine Falkenbach and J\u00f6rg Mascherrek<br\/>10 EUR incl. admission to the MKM <\/p>\n\n<p><strong>26.05.2019 | 11 a.m. +++ The event is unfortunately canceled +++<\/strong><br\/><strong>KUNST trifft&#8230; AKADEMIE<\/strong><br\/>Discussion round on the role of art academies on the question &#8220;Can art be taught?&#8221;<br\/>EUR 10 incl. admission to the MKM <\/p>\n\n<hr class=\"wp-block-separator\"\/>\n\n<div style=\"height:20px\" aria-hidden=\"true\" class=\"wp-block-spacer\"><\/div>\n\n<p><strong>Registration<\/strong><br\/>T 0203 30 19 48 -11 (Wed-Sun) or office@xn--kp-xka.vereda.de<\/p>\n\n<p><strong>Every Sunday at 3 pm<\/strong><br\/><strong>PUBLIC TOUR<\/strong><br\/>Participation is free of charge. Only the entrance fee to the MKM is payable.<br\/>Further information: www.museum-kueppersmuehle.de <\/p>\n","protected":false},"excerpt":{"rendered":"<p>The program of events for Klaus Rinke&#8217;s exhibition starts on 25 April. Please click on for dates and information. <\/p>\n","protected":false},"author":1,"featured_media":24483,"template":"","format":"standard","veranstaltungen-status":[190],"veranstaltungskategorien":[180,175,178,176,169,174,173,177],"class_list":["post-31064","veranstaltung","type-veranstaltung","status-publish","format-standard","has-post-thumbnail","hentry","veranstaltungen-status-vergangene","veranstaltungskategorien-2019-en","veranstaltungskategorien-discussion-event","veranstaltungskategorien-duisburg-en","veranstaltungskategorien-event-en","veranstaltungskategorien-exhibition-mkm","veranstaltungskategorien-miscellaneous","veranstaltungskategorien-preview","veranstaltungskategorien-uncategorized"],"yoast_head":"<!-- This site is optimized with the Yoast SEO plugin v27.5 - https:\/\/yoast.com\/product\/yoast-seo-wordpress\/ -->\n<title>Program of events for the exhibition by Klaus Rinke - MKM MUSEUM K\u00dcPPERSM\u00dcHLE<\/title>\n<meta name=\"robots\" content=\"index, follow, max-snippet:-1, max-image-preview:large, max-video-preview:-1\" \/>\n<link rel=\"canonical\" href=\"https:\/\/museum-kueppersmuehle.de\/en\/veranstaltung\/veranstaltungsprogramm-zur-ausstellung-von-klaus-rinke-2\/\" \/>\n<meta property=\"og:locale\" content=\"en_US\" \/>\n<meta property=\"og:type\" content=\"article\" \/>\n<meta property=\"og:title\" content=\"Program of events for the exhibition by Klaus Rinke - MKM MUSEUM K\u00dcPPERSM\u00dcHLE\" \/>\n<meta property=\"og:description\" content=\"The program of events for Klaus Rinke&#039;s exhibition starts on 25 April. Please click on for dates and information.\" \/>\n<meta property=\"og:url\" content=\"https:\/\/museum-kueppersmuehle.de\/en\/veranstaltung\/veranstaltungsprogramm-zur-ausstellung-von-klaus-rinke-2\/\" \/>\n<meta property=\"og:site_name\" content=\"MKM MUSEUM K\u00dcPPERSM\u00dcHLE\" \/>\n<meta property=\"article:modified_time\" content=\"2025-11-21T07:46:12+00:00\" \/>\n<meta property=\"og:image\" content=\"https:\/\/museum-kueppersmuehle.de\/wp-content\/uploads\/2021\/07\/Q4I1857-1.jpg\" \/>\n\t<meta property=\"og:image:width\" content=\"1600\" \/>\n\t<meta property=\"og:image:height\" content=\"1067\" \/>\n\t<meta property=\"og:image:type\" content=\"image\/jpeg\" \/>\n<meta name=\"twitter:card\" content=\"summary_large_image\" \/>\n<meta name=\"twitter:label1\" content=\"Est. reading time\" \/>\n\t<meta name=\"twitter:data1\" content=\"1 minute\" \/>\n<script type=\"application\/ld+json\" class=\"yoast-schema-graph\">{\"@context\":\"https:\\\/\\\/schema.org\",\"@graph\":[{\"@type\":\"WebPage\",\"@id\":\"https:\\\/\\\/museum-kueppersmuehle.de\\\/en\\\/veranstaltung\\\/veranstaltungsprogramm-zur-ausstellung-von-klaus-rinke-2\\\/\",\"url\":\"https:\\\/\\\/museum-kueppersmuehle.de\\\/en\\\/veranstaltung\\\/veranstaltungsprogramm-zur-ausstellung-von-klaus-rinke-2\\\/\",\"name\":\"Program of events for the exhibition by Klaus Rinke - MKM MUSEUM K\u00dcPPERSM\u00dcHLE\",\"isPartOf\":{\"@id\":\"https:\\\/\\\/museum-kueppersmuehle.de\\\/en\\\/#website\"},\"primaryImageOfPage\":{\"@id\":\"https:\\\/\\\/museum-kueppersmuehle.de\\\/en\\\/veranstaltung\\\/veranstaltungsprogramm-zur-ausstellung-von-klaus-rinke-2\\\/#primaryimage\"},\"image\":{\"@id\":\"https:\\\/\\\/museum-kueppersmuehle.de\\\/en\\\/veranstaltung\\\/veranstaltungsprogramm-zur-ausstellung-von-klaus-rinke-2\\\/#primaryimage\"},\"thumbnailUrl\":\"https:\\\/\\\/museum-kueppersmuehle.de\\\/wp-content\\\/uploads\\\/2021\\\/07\\\/Q4I1857-1.jpg\",\"datePublished\":\"2019-04-11T00:00:00+00:00\",\"dateModified\":\"2025-11-21T07:46:12+00:00\",\"breadcrumb\":{\"@id\":\"https:\\\/\\\/museum-kueppersmuehle.de\\\/en\\\/veranstaltung\\\/veranstaltungsprogramm-zur-ausstellung-von-klaus-rinke-2\\\/#breadcrumb\"},\"inLanguage\":\"en-US\",\"potentialAction\":[{\"@type\":\"ReadAction\",\"target\":[\"https:\\\/\\\/museum-kueppersmuehle.de\\\/en\\\/veranstaltung\\\/veranstaltungsprogramm-zur-ausstellung-von-klaus-rinke-2\\\/\"]}]},{\"@type\":\"ImageObject\",\"inLanguage\":\"en-US\",\"@id\":\"https:\\\/\\\/museum-kueppersmuehle.de\\\/en\\\/veranstaltung\\\/veranstaltungsprogramm-zur-ausstellung-von-klaus-rinke-2\\\/#primaryimage\",\"url\":\"https:\\\/\\\/museum-kueppersmuehle.de\\\/wp-content\\\/uploads\\\/2021\\\/07\\\/Q4I1857-1.jpg\",\"contentUrl\":\"https:\\\/\\\/museum-kueppersmuehle.de\\\/wp-content\\\/uploads\\\/2021\\\/07\\\/Q4I1857-1.jpg\",\"width\":1600,\"height\":1067,\"caption\":\"Er\u00f6ffnung KLAUS RINKE im MKM\"},{\"@type\":\"BreadcrumbList\",\"@id\":\"https:\\\/\\\/museum-kueppersmuehle.de\\\/en\\\/veranstaltung\\\/veranstaltungsprogramm-zur-ausstellung-von-klaus-rinke-2\\\/#breadcrumb\",\"itemListElement\":[{\"@type\":\"ListItem\",\"position\":1,\"name\":\"Home\",\"item\":\"https:\\\/\\\/museum-kueppersmuehle.de\\\/en\\\/homepage\\\/\"},{\"@type\":\"ListItem\",\"position\":2,\"name\":\"Veranstaltung\",\"item\":\"https:\\\/\\\/museum-kueppersmuehle.de\\\/en\\\/veranstaltung\\\/\"},{\"@type\":\"ListItem\",\"position\":3,\"name\":\"Program of events for the exhibition by Klaus Rinke\"}]},{\"@type\":\"WebSite\",\"@id\":\"https:\\\/\\\/museum-kueppersmuehle.de\\\/en\\\/#website\",\"url\":\"https:\\\/\\\/museum-kueppersmuehle.de\\\/en\\\/\",\"name\":\"MKM MUSEUM K\u00dcPPERSM\u00dcHLE\",\"description\":\"MKM MUSEUM K\u00dcPPERSM\u00dcHLE F\u00dcR MODERNE KUNST DUISBURG\",\"publisher\":{\"@id\":\"https:\\\/\\\/museum-kueppersmuehle.de\\\/en\\\/#organization\"},\"potentialAction\":[{\"@type\":\"SearchAction\",\"target\":{\"@type\":\"EntryPoint\",\"urlTemplate\":\"https:\\\/\\\/museum-kueppersmuehle.de\\\/en\\\/?s={search_term_string}\"},\"query-input\":{\"@type\":\"PropertyValueSpecification\",\"valueRequired\":true,\"valueName\":\"search_term_string\"}}],\"inLanguage\":\"en-US\"},{\"@type\":\"Organization\",\"@id\":\"https:\\\/\\\/museum-kueppersmuehle.de\\\/en\\\/#organization\",\"name\":\"MKM MUSEUM K\u00dcPPERSM\u00dcHLE\",\"url\":\"https:\\\/\\\/museum-kueppersmuehle.de\\\/en\\\/\",\"logo\":{\"@type\":\"ImageObject\",\"inLanguage\":\"en-US\",\"@id\":\"https:\\\/\\\/museum-kueppersmuehle.de\\\/en\\\/#\\\/schema\\\/logo\\\/image\\\/\",\"url\":\"https:\\\/\\\/museum-kueppersmuehle.de\\\/wp-content\\\/uploads\\\/2021\\\/06\\\/logo_museum.png\",\"contentUrl\":\"https:\\\/\\\/museum-kueppersmuehle.de\\\/wp-content\\\/uploads\\\/2021\\\/06\\\/logo_museum.png\",\"width\":380,\"height\":130,\"caption\":\"MKM MUSEUM K\u00dcPPERSM\u00dcHLE\"},\"image\":{\"@id\":\"https:\\\/\\\/museum-kueppersmuehle.de\\\/en\\\/#\\\/schema\\\/logo\\\/image\\\/\"}}]}<\/script>\n<!-- \/ Yoast SEO plugin. -->","yoast_head_json":{"title":"Program of events for the exhibition by Klaus Rinke - MKM MUSEUM K\u00dcPPERSM\u00dcHLE","robots":{"index":"index","follow":"follow","max-snippet":"max-snippet:-1","max-image-preview":"max-image-preview:large","max-video-preview":"max-video-preview:-1"},"canonical":"https:\/\/museum-kueppersmuehle.de\/en\/veranstaltung\/veranstaltungsprogramm-zur-ausstellung-von-klaus-rinke-2\/","og_locale":"en_US","og_type":"article","og_title":"Program of events for the exhibition by Klaus Rinke - MKM MUSEUM K\u00dcPPERSM\u00dcHLE","og_description":"The program of events for Klaus Rinke's exhibition starts on 25 April. Please click on for dates and information.","og_url":"https:\/\/museum-kueppersmuehle.de\/en\/veranstaltung\/veranstaltungsprogramm-zur-ausstellung-von-klaus-rinke-2\/","og_site_name":"MKM MUSEUM K\u00dcPPERSM\u00dcHLE","article_modified_time":"2025-11-21T07:46:12+00:00","og_image":[{"width":1600,"height":1067,"url":"https:\/\/museum-kueppersmuehle.de\/wp-content\/uploads\/2021\/07\/Q4I1857-1.jpg","type":"image\/jpeg"}],"twitter_card":"summary_large_image","twitter_misc":{"Est. reading time":"1 minute"},"schema":{"@context":"https:\/\/schema.org","@graph":[{"@type":"WebPage","@id":"https:\/\/museum-kueppersmuehle.de\/en\/veranstaltung\/veranstaltungsprogramm-zur-ausstellung-von-klaus-rinke-2\/","url":"https:\/\/museum-kueppersmuehle.de\/en\/veranstaltung\/veranstaltungsprogramm-zur-ausstellung-von-klaus-rinke-2\/","name":"Program of events for the exhibition by Klaus Rinke - MKM MUSEUM K\u00dcPPERSM\u00dcHLE","isPartOf":{"@id":"https:\/\/museum-kueppersmuehle.de\/en\/#website"},"primaryImageOfPage":{"@id":"https:\/\/museum-kueppersmuehle.de\/en\/veranstaltung\/veranstaltungsprogramm-zur-ausstellung-von-klaus-rinke-2\/#primaryimage"},"image":{"@id":"https:\/\/museum-kueppersmuehle.de\/en\/veranstaltung\/veranstaltungsprogramm-zur-ausstellung-von-klaus-rinke-2\/#primaryimage"},"thumbnailUrl":"https:\/\/museum-kueppersmuehle.de\/wp-content\/uploads\/2021\/07\/Q4I1857-1.jpg","datePublished":"2019-04-11T00:00:00+00:00","dateModified":"2025-11-21T07:46:12+00:00","breadcrumb":{"@id":"https:\/\/museum-kueppersmuehle.de\/en\/veranstaltung\/veranstaltungsprogramm-zur-ausstellung-von-klaus-rinke-2\/#breadcrumb"},"inLanguage":"en-US","potentialAction":[{"@type":"ReadAction","target":["https:\/\/museum-kueppersmuehle.de\/en\/veranstaltung\/veranstaltungsprogramm-zur-ausstellung-von-klaus-rinke-2\/"]}]},{"@type":"ImageObject","inLanguage":"en-US","@id":"https:\/\/museum-kueppersmuehle.de\/en\/veranstaltung\/veranstaltungsprogramm-zur-ausstellung-von-klaus-rinke-2\/#primaryimage","url":"https:\/\/museum-kueppersmuehle.de\/wp-content\/uploads\/2021\/07\/Q4I1857-1.jpg","contentUrl":"https:\/\/museum-kueppersmuehle.de\/wp-content\/uploads\/2021\/07\/Q4I1857-1.jpg","width":1600,"height":1067,"caption":"Er\u00f6ffnung KLAUS RINKE im MKM"},{"@type":"BreadcrumbList","@id":"https:\/\/museum-kueppersmuehle.de\/en\/veranstaltung\/veranstaltungsprogramm-zur-ausstellung-von-klaus-rinke-2\/#breadcrumb","itemListElement":[{"@type":"ListItem","position":1,"name":"Home","item":"https:\/\/museum-kueppersmuehle.de\/en\/homepage\/"},{"@type":"ListItem","position":2,"name":"Veranstaltung","item":"https:\/\/museum-kueppersmuehle.de\/en\/veranstaltung\/"},{"@type":"ListItem","position":3,"name":"Program of events for the exhibition by Klaus Rinke"}]},{"@type":"WebSite","@id":"https:\/\/museum-kueppersmuehle.de\/en\/#website","url":"https:\/\/museum-kueppersmuehle.de\/en\/","name":"MKM MUSEUM K\u00dcPPERSM\u00dcHLE","description":"MKM MUSEUM K\u00dcPPERSM\u00dcHLE F\u00dcR MODERNE KUNST DUISBURG","publisher":{"@id":"https:\/\/museum-kueppersmuehle.de\/en\/#organization"},"potentialAction":[{"@type":"SearchAction","target":{"@type":"EntryPoint","urlTemplate":"https:\/\/museum-kueppersmuehle.de\/en\/?s={search_term_string}"},"query-input":{"@type":"PropertyValueSpecification","valueRequired":true,"valueName":"search_term_string"}}],"inLanguage":"en-US"},{"@type":"Organization","@id":"https:\/\/museum-kueppersmuehle.de\/en\/#organization","name":"MKM MUSEUM K\u00dcPPERSM\u00dcHLE","url":"https:\/\/museum-kueppersmuehle.de\/en\/","logo":{"@type":"ImageObject","inLanguage":"en-US","@id":"https:\/\/museum-kueppersmuehle.de\/en\/#\/schema\/logo\/image\/","url":"https:\/\/museum-kueppersmuehle.de\/wp-content\/uploads\/2021\/06\/logo_museum.png","contentUrl":"https:\/\/museum-kueppersmuehle.de\/wp-content\/uploads\/2021\/06\/logo_museum.png","width":380,"height":130,"caption":"MKM MUSEUM K\u00dcPPERSM\u00dcHLE"},"image":{"@id":"https:\/\/museum-kueppersmuehle.de\/en\/#\/schema\/logo\/image\/"}}]}},"_links":{"self":[{"href":"https:\/\/museum-kueppersmuehle.de\/en\/wp-json\/wp\/v2\/veranstaltung\/31064","targetHints":{"allow":["GET"]}}],"collection":[{"href":"https:\/\/museum-kueppersmuehle.de\/en\/wp-json\/wp\/v2\/veranstaltung"}],"about":[{"href":"https:\/\/museum-kueppersmuehle.de\/en\/wp-json\/wp\/v2\/types\/veranstaltung"}],"author":[{"embeddable":true,"href":"https:\/\/museum-kueppersmuehle.de\/en\/wp-json\/wp\/v2\/users\/1"}],"version-history":[{"count":1,"href":"https:\/\/museum-kueppersmuehle.de\/en\/wp-json\/wp\/v2\/veranstaltung\/31064\/revisions"}],"predecessor-version":[{"id":31065,"href":"https:\/\/museum-kueppersmuehle.de\/en\/wp-json\/wp\/v2\/veranstaltung\/31064\/revisions\/31065"}],"wp:featuredmedia":[{"embeddable":true,"href":"https:\/\/museum-kueppersmuehle.de\/en\/wp-json\/wp\/v2\/media\/24483"}],"wp:attachment":[{"href":"https:\/\/museum-kueppersmuehle.de\/en\/wp-json\/wp\/v2\/media?parent=31064"}],"wp:term":[{"taxonomy":"veranstaltungen-status","embeddable":true,"href":"https:\/\/museum-kueppersmuehle.de\/en\/wp-json\/wp\/v2\/veranstaltungen-status?post=31064"},{"taxonomy":"veranstaltungskategorien","embeddable":true,"href":"https:\/\/museum-kueppersmuehle.de\/en\/wp-json\/wp\/v2\/veranstaltungskategorien?post=31064"}],"curies":[{"name":"wp","href":"https:\/\/api.w.org\/{rel}","templated":true}]}}